{"id":328,"date":"2019-06-07T16:40:05","date_gmt":"2019-06-07T14:40:05","guid":{"rendered":"http:\/\/www.unescoparcoetna.it\/?page_id=328"},"modified":"2026-07-23T11:03:15","modified_gmt":"2026-07-23T09:03:15","slug":"le-volcan","status":"publish","type":"page","link":"https:\/\/unescoparcoetna.it\/fr\/le-volcan\/","title":{"rendered":"Le volcan"},"content":{"rendered":"<div class=\"wpb-content-wrapper\"><p>[vc_row css=\u00a0\u00bb.vc_custom_1784709811335{margin-top: 0px !important;margin-bottom: 0px !important;padding-top: 0px !important;padding-bottom: 0px !important;}\u00a0\u00bb][vc_column css=\u00a0\u00bb.vc_custom_1784709803358{margin-top: 0px !important;margin-bottom: 0px !important;padding-top: 0px !important;padding-bottom: 0px !important;}\u00a0\u00bb][vc_column_text css=\u00a0\u00bb.vc_custom_1784797479149{margin-top: 0px !important;margin-bottom: 0px !important;padding-top: 0px !important;padding-bottom: 0px !important;}\u00a0\u00bb]L\u2019Etna, la mythique F\u00f9cina degli D\u00e8i (<em>Forge des Dieux<\/em>), est un volcan composite tr\u00e8s complexe, issu du chevauchement et de la juxtaposition de produits \u00e9ruptifs \u00e9mis \u00e0 diff\u00e9rentes p\u00e9riodes par divers syst\u00e8mes d&rsquo;ascension du magma.<\/p>\n<p>Les milliers de coul\u00e9es de lave, les immenses quantit\u00e9s de d\u00e9bris, graviers, sables, cendres et tufs \u00e9mises durant l&rsquo;activit\u00e9 volcanique incessante de cette extraordinaire machine thermodynamique naturelle ont d\u00e9truit et, dans certains cas, scell\u00e9 ou simplement cach\u00e9 par superposition stratigraphique les restes des divers centres \u00e9ruptifs pr\u00e9existants.<\/p>\n<p>L&rsquo;Etna ne peut \u00eatre consid\u00e9r\u00e9 un grand \u00e9difice volcanique unique : au moins deux \u00e9difices, le Trifoglietto et le Mongibello se sont construits par empilements successifs, et gr\u00e2ce au patient travail d&rsquo;\u00e9tude et d&rsquo;analyse g\u00e9ologique effectu\u00e9 sur des \u00e9chantillons de roches, ainsi qu\u2019aux informations recueillies lors de s\u00e9ismes et d&rsquo;\u00e9ruptions volcaniques, les g\u00e9ologues sont parvenus \u00e0 \u00e9crire l&rsquo;histoire du complexe volcanique polyg\u00e9nique, bien que beaucoup reste encore \u00e0 faire.<\/p>\n<p>&nbsp;<\/p>\n<h2 class=\"p1\"><span class=\"s1\">G\u00e9ographie et g\u00e9omorphologie <\/span><\/h2>\n<hr \/>\n<p class=\"p1\">L<strong>&lsquo;<\/strong>Etna est un stratovolcan particulier, culminant \u00e0 environ 3 340 m d&rsquo;altitude, situ\u00e9 dans la partie centre-nord de la c\u00f4te est de la Sicile, dans la province de Catane et il travers\u00e9 par le 15e m\u00e9ridien connu sous le nom de M\u00e9ridien de l&rsquo;Etna. (2 517 600 E 4 179 925 N Gauss Boaga Est zone Datum Roma 40).<\/p>\n<p class=\"p1\">Couvrant une surface de plus de 1 250 km<sup>2<\/sup>, avec un p\u00e9rim\u00e8tre de plus de 135 km, il est d\u00e9limit\u00e9 par les Peloritani au nord, les N\u00e9brodes au nord-ouest, le Simeto et la plaine alluviale (plaine de Catane) au sud et au sud-ouest.<\/p>\n<h2><\/h2>\n<h2 class=\"p1\"><span class=\"s1\">Tectonique<\/span><\/h2>\n<hr \/>\n<p class=\"p1\"><span class=\"s1\"><img loading=\"lazy\" decoding=\"async\" class=\"size-medium wp-image-41 alignright\" src=\"http:\/\/www.unescoparcoetna.it\/wp-content\/uploads\/2018\/07\/Etna-grotta-dei-lamponi-300x186.png\" alt=\"\" width=\"300\" height=\"186\" srcset=\"https:\/\/unescoparcoetna.it\/wp-content\/uploads\/2018\/07\/Etna-grotta-dei-lamponi-300x186.png 300w, https:\/\/unescoparcoetna.it\/wp-content\/uploads\/2018\/07\/Etna-grotta-dei-lamponi-768x477.png 768w, https:\/\/unescoparcoetna.it\/wp-content\/uploads\/2018\/07\/Etna-grotta-dei-lamponi.png 787w\" sizes=\"auto, (max-width: 300px) 100vw, 300px\" \/><\/span><\/p>\n<p class=\"p1\">L&rsquo;Etna repr\u00e9sente une \u00ab\u00a0fen\u00eatre asth\u00e9nosph\u00e9rique\u00a0\u00bb particuli\u00e8re, dans une zone domin\u00e9e par des processus tectoniques de convergence lithosph\u00e9rique qui se sont vraisemblablement d\u00e9velopp\u00e9s durant le M\u00e9sozo\u00efque, en raison des diff\u00e9rentes vitesses d&rsquo;ouverture qui se sont produites le long de la dorsale m\u00e9dio-atlantique.<\/p>\n<p class=\"p1\">La vitesse d&rsquo;ouverture la plus \u00e9lev\u00e9e le long du segment sud de la dorsale par rapport \u00e0 la vitesse du segment nord, a induit une acc\u00e9l\u00e9ration relative du bloc africain par rapport \u00e0 la masse continentale eurasienne, affectant l&rsquo;Afrique d\u2019un mouvement de rotation dans le sens antihoraire et la serrant contre l&rsquo;Eurasie. Cette collision s&rsquo;est produite \u00e0 la suite d&rsquo;une s\u00e9rie d&rsquo;\u00e9v\u00e9nements survenus \u00e0 diff\u00e9rentes p\u00e9riodes (diachroniques).<\/p>\n<p class=\"p1\">L&rsquo;\u00e9volution du processus de convergence entre l&rsquo;Afrique et l&rsquo;Eurasie a connu plusieurs phases de collisions conduisant \u00e0 des ph\u00e9nom\u00e8nes \u00e9tendus de subduction et de distension dans la cro\u00fbte oc\u00e9anique (Thetys), qui ont conduit \u00e0 une d\u00e9sarticulation intense et \u00e0 la fragmentation de la structure lithosph\u00e9rique originale, cr\u00e9ant une mosa\u00efque de micro-plaques plus ou moins stables, en mouvement les unes par rapport aux autres, ainsi que par rapport aux plaques africaines et eurasiennes plus \u00e9tendues.<\/p>\n<p class=\"p1\">Le cadre \u00e9volutif de l&rsquo;activit\u00e9 volcanique, en tant qu\u2019indicateur des processus g\u00e9odynamiques dans le bassin m\u00e9diterran\u00e9en, refl\u00e8te dans sa complexit\u00e9 la structure n\u00e9otectonique plus g\u00e9n\u00e9rale qui caract\u00e9rise la zone.<\/p>\n<p class=\"p1\">Les \u00e9pisodes \u00e9ruptifs qui se sont succ\u00e9d\u00e9 dans le bassin m\u00e9diterran\u00e9en sont repr\u00e9sent\u00e9s essentiellement par des magmas riches en silice dus aux processus de convergence lithosph\u00e9rique.<\/p>\n<p class=\"p1\">Des situations locales de distension tectonique se sont par ailleurs d\u00e9velopp\u00e9es, favorisant l&rsquo;ouverture de fissures distensives profondes dans la cro\u00fbte et permettant l&rsquo;ascension de l&rsquo;asth\u00e9nosph\u00e8re avec pour cons\u00e9quence l\u2019arriv\u00e9e de magmas anorog\u00e8nes basaltiques du manteau sup\u00e9rieur. L&rsquo;une de ces zones est d\u2019ailleurs repr\u00e9sent\u00e9e par la fronti\u00e8re orientale de la Sicile, o\u00f9 des \u00e9pisodes \u00e9ruptifs intenses et continus de nature basique se sont produits depuis la fin du Mioc\u00e8ne, il y a environ 10 millions d&rsquo;ann\u00e9es.<\/p>\n<p class=\"p1\">Ces \u00e9pisodes ont affect\u00e9 une bande s&rsquo;\u00e9tendant \u00e0 l&rsquo;int\u00e9rieur des terres jusqu&rsquo;\u00e0 30-40 km de la c\u00f4te ionienne et, se d\u00e9pla\u00e7ant vers des positions de plus en plus au nord, ils ont rejoint la zone o\u00f9 se dresse aujourd&rsquo;hui l&rsquo;Etna. La discontinuit\u00e9 lithosph\u00e9rique d\u2019orientation NNO-SSE, le long de laquelle se trouvent les \u00eeles de Vulcano, Lipari et Salina, s&rsquo;\u00e9tend vers le sud en traversant le Nord-oriental de la Sicile, de Capo Tindari \u00e0 Giardini sur la c\u00f4te ionienne.<\/p>\n<p class=\"p1\">Cette discontinuit\u00e9 structurelle, d\u00e9nomm\u00e9e \u00ab\u00a0ligne Tindari-Letojanni\u00a0\u00bb, ainsi que le syst\u00e8me de failles lithosph\u00e9riques qui borde \u00e0 l&rsquo;est la Sicile m\u00e9ridionale et qui est commun\u00e9ment appel\u00e9 \u00ab\u00a0escarpement Ibleo-Maltais\u00a0\u00bb, est le foyer des s\u00e9ismes les plus fr\u00e9quents, souvent destructeurs, qui ont frapp\u00e9 la Sicile orientale. L&rsquo;activit\u00e9 volcanique de l&rsquo;Etna est fortement induite par la structure tectonique r\u00e9gionale.<\/p>\n<h2><\/h2>\n<h2 class=\"p1\"><span class=\"s1\">Morphologies volcaniques<\/span><\/h2>\n<hr \/>\n<p class=\"p1\">Des centaines de c\u00f4nes et de formations secondaires, de sables, graviers et d\u00e9bris volcaniques, parfois de dimensions imposantes, isol\u00e9s ou align\u00e9s le long de fractures \u00e9ruptives, repr\u00e9sentent les points d&rsquo;\u00e9mission de produits pyroclastiques g\u00e9n\u00e9r\u00e9s lors d&rsquo;une intense activit\u00e9 des bouches \u00e9ruptives p\u00e9riph\u00e9riques durant un jaillissement lat\u00e9ral et constituent l\u2019une des caract\u00e9ristiques de la physiologie g\u00e9n\u00e9rale de l&rsquo;Etna, sur les flancs duquel de nombreuses g\u00e9n\u00e9rations se sont souvent succ\u00e9d\u00e9, apprenant \u00e0 vivre avec la \u00ab\u00a0Muntagna\u00a0\u00bb\u00a0; ils ont fa\u00e7onn\u00e9 son environnement au point de modeler de nouveaux paysages ruraux qui se sont d\u00e9velopp\u00e9s autour de l&rsquo;agriculture et de l&rsquo;\u00e9levage, donnant \u00e0 la structure du territoire une empreinte ind\u00e9l\u00e9bile aux traits particuli\u00e8rement marqu\u00e9s.<\/p>\n<p class=\"p1\">Les laves de l&rsquo;Etna sont principalement de type aa (terme onomatop\u00e9ique hawa\u00efen utilis\u00e9 pour d\u00e9crire la lave tr\u00e8s rugueuse, sur laquelle il est tr\u00e8s difficile de marcher pieds nus), ou de type pahoehoe (terme onomatop\u00e9ique hawa\u00efen utilis\u00e9 pour d\u00e9crire des laves cord\u00e9es, sur lesquelles il est facile de marcher pieds nus), ou des laves \u00e0 blocs irr\u00e9guliers, articul\u00e9s de diverses fa\u00e7ons.<\/p>\n<p class=\"p1\">Sur ces champs de lave, les conditions g\u00e9ologiques ont induit la cr\u00e9ation de syst\u00e8mes de conduits d&rsquo;\u00e9coulement lavique qui, gr\u00e2ce \u00e0 l&rsquo;isolation thermique, permettant \u00e0 la lave de s&rsquo;\u00e9pancher sur de longues distances, alimentant des fronts de lave jusqu&rsquo;\u00e0 10 km ou plus des bouches, ainsi que des grottes volcaniques provenant d&rsquo;activit\u00e9s expansives ou de fractures (plus de 250 recensements).<\/p>\n<p class=\"p1\">\u00c0 l&rsquo;int\u00e9rieur des grottes, on peut trouver diverses concr\u00e9tions min\u00e9ralogiques particuli\u00e8res et rares : fen\u00eatres, stries, \u00e9tag\u00e8res, rouleaux et stalactites de lave. La Grotta del Gelo, la Grotta degli Archi, la Grotta delle Palombe, la Grotta dei Tre Livelli, la Grotta dell&rsquo;Abisso del Profondo Nero sont quelques-unes des grottes parmi les plus connues de l&rsquo;Etna.<\/p>\n<p class=\"p1\" style=\"margin-bottom: 0 !important;\">Elles ont \u00e9t\u00e9 utilis\u00e9es depuis l&rsquo;Antiquit\u00e9 par les \u00c9tn\u00e9ens comme lieux sacr\u00e9s, sites fun\u00e9raires ou abris ainsi que comme lieux de stockage de la neige (n\u00e9v\u00e9s) pour pouvoir l&rsquo;utiliser en \u00e9t\u00e9 quand le moderne r\u00e9frig\u00e9rateur n\u2019avait pas encore fait son apparition.<\/p>\n<p>[\/vc_column_text][\/vc_column][\/vc_row]<\/p>\n<\/div>","protected":false},"excerpt":{"rendered":"<p>[vc_row css=\u00a0\u00bb.vc_custom_1784709811335{margin-top: 0px !important;margin-bottom: 0px !important;padding-top: 0px !important;padding-bottom: 0px !important;}\u00a0\u00bb][vc_column css=\u00a0\u00bb.vc_custom_1784709803358{margin-top: 0px !important;margin-bottom: 0px !important;padding-top: 0px !important;padding-bottom: 0px !important;}\u00a0\u00bb][vc_column_text css=\u00a0\u00bb.vc_custom_1784797479149{margin-top: 0px !important;margin-bottom: 0px !important;padding-top: 0px !important;padding-bottom: 0px !important;}\u00a0\u00bb]L\u2019Etna, la mythique F\u00f9cina degli D\u00e8i (Forge des Dieux), est un volcan composite tr\u00e8s complexe, issu du chevauchement et de la juxtaposition de produits \u00e9ruptifs \u00e9mis \u00e0 diff\u00e9rentes&hellip;<\/p>\n","protected":false},"author":1,"featured_media":0,"parent":0,"menu_order":0,"comment_status":"closed","ping_status":"closed","template":"","meta":{"_acf_changed":false,"footnotes":""},"class_list":["post-328","page","type-page","status-publish","hentry","description-off"],"acf":false,"yoast_head":"<!-- This site is optimized with the Yoast SEO plugin v27.6 - https:\/\/yoast.com\/product\/yoast-seo-wordpress\/ -->\n<title>Le volcan - Sito UNESCO Monte Etna<\/title>\n<meta name=\"robots\" content=\"index, follow, max-snippet:-1, max-image-preview:large, max-video-preview:-1\" \/>\n<link rel=\"canonical\" href=\"https:\/\/unescoparcoetna.it\/fr\/le-volcan\/\" \/>\n<meta property=\"og:locale\" content=\"fr_FR\" \/>\n<meta property=\"og:type\" content=\"article\" \/>\n<meta property=\"og:title\" content=\"Le volcan - Sito UNESCO Monte Etna\" \/>\n<meta property=\"og:description\" content=\"[vc_row css=\u00a0\u00bb.vc_custom_1784709811335{margin-top: 0px !important;margin-bottom: 0px !important;padding-top: 0px !important;padding-bottom: 0px !important;}\u00a0\u00bb][vc_column css=\u00a0\u00bb.vc_custom_1784709803358{margin-top: 0px !important;margin-bottom: 0px !important;padding-top: 0px !important;padding-bottom: 0px !important;}\u00a0\u00bb][vc_column_text css=\u00a0\u00bb.vc_custom_1784797479149{margin-top: 0px !important;margin-bottom: 0px !important;padding-top: 0px !important;padding-bottom: 0px !important;}\u00a0\u00bb]L\u2019Etna, la mythique F\u00f9cina degli D\u00e8i (Forge des Dieux), est un volcan composite tr\u00e8s complexe, issu du chevauchement et de la juxtaposition de produits \u00e9ruptifs \u00e9mis \u00e0 diff\u00e9rentes&hellip;\" \/>\n<meta property=\"og:url\" content=\"https:\/\/unescoparcoetna.it\/fr\/le-volcan\/\" \/>\n<meta property=\"og:site_name\" content=\"Sito UNESCO Monte Etna\" \/>\n<meta property=\"article:publisher\" content=\"https:\/\/www.facebook.com\/EnteParcoEtna\/\" \/>\n<meta property=\"article:modified_time\" content=\"2026-07-23T09:03:15+00:00\" \/>\n<meta property=\"og:image\" content=\"https:\/\/unescoparcoetna.it\/wp-content\/uploads\/2018\/07\/Etna-grotta-dei-lamponi.png\" \/>\n\t<meta property=\"og:image:width\" content=\"787\" \/>\n\t<meta property=\"og:image:height\" content=\"489\" \/>\n\t<meta property=\"og:image:type\" content=\"image\/png\" \/>\n<meta name=\"twitter:card\" content=\"summary_large_image\" \/>\n<meta name=\"twitter:site\" content=\"@ParcoEtna\" \/>\n<meta name=\"twitter:label1\" content=\"Dur\u00e9e de lecture estim\u00e9e\" \/>\n\t<meta name=\"twitter:data1\" content=\"6 minutes\" \/>\n<script type=\"application\/ld+json\" class=\"yoast-schema-graph\">{\"@context\":\"https:\\\/\\\/schema.org\",\"@graph\":[{\"@type\":\"WebPage\",\"@id\":\"https:\\\/\\\/unescoparcoetna.it\\\/fr\\\/le-volcan\\\/\",\"url\":\"https:\\\/\\\/unescoparcoetna.it\\\/fr\\\/le-volcan\\\/\",\"name\":\"Le volcan - Sito UNESCO Monte Etna\",\"isPartOf\":{\"@id\":\"https:\\\/\\\/unescoparcoetna.it\\\/#website\"},\"primaryImageOfPage\":{\"@id\":\"https:\\\/\\\/unescoparcoetna.it\\\/fr\\\/le-volcan\\\/#primaryimage\"},\"image\":{\"@id\":\"https:\\\/\\\/unescoparcoetna.it\\\/fr\\\/le-volcan\\\/#primaryimage\"},\"thumbnailUrl\":\"http:\\\/\\\/www.unescoparcoetna.it\\\/wp-content\\\/uploads\\\/2018\\\/07\\\/Etna-grotta-dei-lamponi-300x186.png\",\"datePublished\":\"2019-06-07T14:40:05+00:00\",\"dateModified\":\"2026-07-23T09:03:15+00:00\",\"breadcrumb\":{\"@id\":\"https:\\\/\\\/unescoparcoetna.it\\\/fr\\\/le-volcan\\\/#breadcrumb\"},\"inLanguage\":\"fr-FR\",\"potentialAction\":[{\"@type\":\"ReadAction\",\"target\":[\"https:\\\/\\\/unescoparcoetna.it\\\/fr\\\/le-volcan\\\/\"]}]},{\"@type\":\"ImageObject\",\"inLanguage\":\"fr-FR\",\"@id\":\"https:\\\/\\\/unescoparcoetna.it\\\/fr\\\/le-volcan\\\/#primaryimage\",\"url\":\"http:\\\/\\\/www.unescoparcoetna.it\\\/wp-content\\\/uploads\\\/2018\\\/07\\\/Etna-grotta-dei-lamponi-300x186.png\",\"contentUrl\":\"http:\\\/\\\/www.unescoparcoetna.it\\\/wp-content\\\/uploads\\\/2018\\\/07\\\/Etna-grotta-dei-lamponi-300x186.png\"},{\"@type\":\"BreadcrumbList\",\"@id\":\"https:\\\/\\\/unescoparcoetna.it\\\/fr\\\/le-volcan\\\/#breadcrumb\",\"itemListElement\":[{\"@type\":\"ListItem\",\"position\":1,\"name\":\"Home\",\"item\":\"https:\\\/\\\/unescoparcoetna.it\\\/fr\\\/\"},{\"@type\":\"ListItem\",\"position\":2,\"name\":\"Le volcan\"}]},{\"@type\":\"WebSite\",\"@id\":\"https:\\\/\\\/unescoparcoetna.it\\\/#website\",\"url\":\"https:\\\/\\\/unescoparcoetna.it\\\/\",\"name\":\"Sito UNESCO - Monte Etna\",\"description\":\"Parco dell&#039;Etna\",\"publisher\":{\"@id\":\"https:\\\/\\\/unescoparcoetna.it\\\/#organization\"},\"potentialAction\":[{\"@type\":\"SearchAction\",\"target\":{\"@type\":\"EntryPoint\",\"urlTemplate\":\"https:\\\/\\\/unescoparcoetna.it\\\/?s={search_term_string}\"},\"query-input\":{\"@type\":\"PropertyValueSpecification\",\"valueRequired\":true,\"valueName\":\"search_term_string\"}}],\"inLanguage\":\"fr-FR\"},{\"@type\":\"Organization\",\"@id\":\"https:\\\/\\\/unescoparcoetna.it\\\/#organization\",\"name\":\"Parco Etna\",\"url\":\"https:\\\/\\\/unescoparcoetna.it\\\/\",\"logo\":{\"@type\":\"ImageObject\",\"inLanguage\":\"fr-FR\",\"@id\":\"https:\\\/\\\/unescoparcoetna.it\\\/#\\\/schema\\\/logo\\\/image\\\/\",\"url\":\"https:\\\/\\\/www.unescoparcoetna.it\\\/wp-content\\\/uploads\\\/2018\\\/07\\\/LogoEtna_Unesco_web.png\",\"contentUrl\":\"https:\\\/\\\/www.unescoparcoetna.it\\\/wp-content\\\/uploads\\\/2018\\\/07\\\/LogoEtna_Unesco_web.png\",\"width\":148,\"height\":80,\"caption\":\"Parco Etna\"},\"image\":{\"@id\":\"https:\\\/\\\/unescoparcoetna.it\\\/#\\\/schema\\\/logo\\\/image\\\/\"},\"sameAs\":[\"https:\\\/\\\/www.facebook.com\\\/EnteParcoEtna\\\/\",\"https:\\\/\\\/x.com\\\/ParcoEtna\",\"https:\\\/\\\/www.youtube.com\\\/channel\\\/UC9UWQUwsRmQ811xZuyuMerA\\\/featured\"]}]}<\/script>\n<!-- \/ Yoast SEO plugin. -->","yoast_head_json":{"title":"Le volcan - Sito UNESCO Monte Etna","robots":{"index":"index","follow":"follow","max-snippet":"max-snippet:-1","max-image-preview":"max-image-preview:large","max-video-preview":"max-video-preview:-1"},"canonical":"https:\/\/unescoparcoetna.it\/fr\/le-volcan\/","og_locale":"fr_FR","og_type":"article","og_title":"Le volcan - Sito UNESCO Monte Etna","og_description":"[vc_row css=\u00a0\u00bb.vc_custom_1784709811335{margin-top: 0px !important;margin-bottom: 0px !important;padding-top: 0px !important;padding-bottom: 0px !important;}\u00a0\u00bb][vc_column css=\u00a0\u00bb.vc_custom_1784709803358{margin-top: 0px !important;margin-bottom: 0px !important;padding-top: 0px !important;padding-bottom: 0px !important;}\u00a0\u00bb][vc_column_text css=\u00a0\u00bb.vc_custom_1784797479149{margin-top: 0px !important;margin-bottom: 0px !important;padding-top: 0px !important;padding-bottom: 0px !important;}\u00a0\u00bb]L\u2019Etna, la mythique F\u00f9cina degli D\u00e8i (Forge des Dieux), est un volcan composite tr\u00e8s complexe, issu du chevauchement et de la juxtaposition de produits \u00e9ruptifs \u00e9mis \u00e0 diff\u00e9rentes&hellip;","og_url":"https:\/\/unescoparcoetna.it\/fr\/le-volcan\/","og_site_name":"Sito UNESCO Monte Etna","article_publisher":"https:\/\/www.facebook.com\/EnteParcoEtna\/","article_modified_time":"2026-07-23T09:03:15+00:00","og_image":[{"width":787,"height":489,"url":"https:\/\/unescoparcoetna.it\/wp-content\/uploads\/2018\/07\/Etna-grotta-dei-lamponi.png","type":"image\/png"}],"twitter_card":"summary_large_image","twitter_site":"@ParcoEtna","twitter_misc":{"Dur\u00e9e de lecture estim\u00e9e":"6 minutes"},"schema":{"@context":"https:\/\/schema.org","@graph":[{"@type":"WebPage","@id":"https:\/\/unescoparcoetna.it\/fr\/le-volcan\/","url":"https:\/\/unescoparcoetna.it\/fr\/le-volcan\/","name":"Le volcan - Sito UNESCO Monte Etna","isPartOf":{"@id":"https:\/\/unescoparcoetna.it\/#website"},"primaryImageOfPage":{"@id":"https:\/\/unescoparcoetna.it\/fr\/le-volcan\/#primaryimage"},"image":{"@id":"https:\/\/unescoparcoetna.it\/fr\/le-volcan\/#primaryimage"},"thumbnailUrl":"http:\/\/www.unescoparcoetna.it\/wp-content\/uploads\/2018\/07\/Etna-grotta-dei-lamponi-300x186.png","datePublished":"2019-06-07T14:40:05+00:00","dateModified":"2026-07-23T09:03:15+00:00","breadcrumb":{"@id":"https:\/\/unescoparcoetna.it\/fr\/le-volcan\/#breadcrumb"},"inLanguage":"fr-FR","potentialAction":[{"@type":"ReadAction","target":["https:\/\/unescoparcoetna.it\/fr\/le-volcan\/"]}]},{"@type":"ImageObject","inLanguage":"fr-FR","@id":"https:\/\/unescoparcoetna.it\/fr\/le-volcan\/#primaryimage","url":"http:\/\/www.unescoparcoetna.it\/wp-content\/uploads\/2018\/07\/Etna-grotta-dei-lamponi-300x186.png","contentUrl":"http:\/\/www.unescoparcoetna.it\/wp-content\/uploads\/2018\/07\/Etna-grotta-dei-lamponi-300x186.png"},{"@type":"BreadcrumbList","@id":"https:\/\/unescoparcoetna.it\/fr\/le-volcan\/#breadcrumb","itemListElement":[{"@type":"ListItem","position":1,"name":"Home","item":"https:\/\/unescoparcoetna.it\/fr\/"},{"@type":"ListItem","position":2,"name":"Le volcan"}]},{"@type":"WebSite","@id":"https:\/\/unescoparcoetna.it\/#website","url":"https:\/\/unescoparcoetna.it\/","name":"Sito UNESCO - Monte Etna","description":"Parco dell&#039;Etna","publisher":{"@id":"https:\/\/unescoparcoetna.it\/#organization"},"potentialAction":[{"@type":"SearchAction","target":{"@type":"EntryPoint","urlTemplate":"https:\/\/unescoparcoetna.it\/?s={search_term_string}"},"query-input":{"@type":"PropertyValueSpecification","valueRequired":true,"valueName":"search_term_string"}}],"inLanguage":"fr-FR"},{"@type":"Organization","@id":"https:\/\/unescoparcoetna.it\/#organization","name":"Parco Etna","url":"https:\/\/unescoparcoetna.it\/","logo":{"@type":"ImageObject","inLanguage":"fr-FR","@id":"https:\/\/unescoparcoetna.it\/#\/schema\/logo\/image\/","url":"https:\/\/www.unescoparcoetna.it\/wp-content\/uploads\/2018\/07\/LogoEtna_Unesco_web.png","contentUrl":"https:\/\/www.unescoparcoetna.it\/wp-content\/uploads\/2018\/07\/LogoEtna_Unesco_web.png","width":148,"height":80,"caption":"Parco Etna"},"image":{"@id":"https:\/\/unescoparcoetna.it\/#\/schema\/logo\/image\/"},"sameAs":["https:\/\/www.facebook.com\/EnteParcoEtna\/","https:\/\/x.com\/ParcoEtna","https:\/\/www.youtube.com\/channel\/UC9UWQUwsRmQ811xZuyuMerA\/featured"]}]}},"featured_image":"","featured_image_thumbnail":"","_links":{"self":[{"href":"https:\/\/unescoparcoetna.it\/fr\/wp-json\/wp\/v2\/pages\/328","targetHints":{"allow":["GET"]}}],"collection":[{"href":"https:\/\/unescoparcoetna.it\/fr\/wp-json\/wp\/v2\/pages"}],"about":[{"href":"https:\/\/unescoparcoetna.it\/fr\/wp-json\/wp\/v2\/types\/page"}],"author":[{"embeddable":true,"href":"https:\/\/unescoparcoetna.it\/fr\/wp-json\/wp\/v2\/users\/1"}],"replies":[{"embeddable":true,"href":"https:\/\/unescoparcoetna.it\/fr\/wp-json\/wp\/v2\/comments?post=328"}],"version-history":[{"count":4,"href":"https:\/\/unescoparcoetna.it\/fr\/wp-json\/wp\/v2\/pages\/328\/revisions"}],"predecessor-version":[{"id":26795,"href":"https:\/\/unescoparcoetna.it\/fr\/wp-json\/wp\/v2\/pages\/328\/revisions\/26795"}],"wp:attachment":[{"href":"https:\/\/unescoparcoetna.it\/fr\/wp-json\/wp\/v2\/media?parent=328"}],"curies":[{"name":"wp","href":"https:\/\/api.w.org\/{rel}","templated":true}]}}